{"id":93,"date":"2019-10-04T12:16:13","date_gmt":"2019-10-04T12:16:13","guid":{"rendered":"http:\/\/claro-wattwil.ch\/wp\/?page_id=93"},"modified":"2019-10-04T12:33:58","modified_gmt":"2019-10-04T12:33:58","slug":"history","status":"publish","type":"page","link":"https:\/\/bioplusfair.ch\/?page_id=93","title":{"rendered":"History"},"content":{"rendered":"\n<p><strong>1. Absicht und Ziele<\/strong><\/p>\n\n\n\n<p>Ansto\u00df zur Er\u00f6ffnung eines Weltladens in Wattwil war vor allem der Wunsch Erzeugnisse kaufen zu k\u00f6nnen, die in L\u00e4ndern des S\u00fcdens fair erzeugt wurden.<\/p>\n\n\n\n<p>Im Aufruf zur Gr\u00fcndung des Vereins 3.Welt-Laden in Wattwil im Jahr 1980 finden sich folgende Absichten:<\/p>\n\n\n\n<p>\u00b7&nbsp;&nbsp;&nbsp;&nbsp;&nbsp;&nbsp;&nbsp;&nbsp;&nbsp;Wir m\u00f6chten Produkte aus der 3.Welt sowie von wirtschaftlich uns sozial benachteiligten Gruppen in der Schweiz zusammen mit Information zum Verkauf anbieten.<\/p>\n\n\n\n<p>\u00b7&nbsp;&nbsp;&nbsp;&nbsp;&nbsp;&nbsp;&nbsp;&nbsp;&nbsp;Wir m\u00f6chten den profitorientierten Zwischenhandel ausschalten und eine direkte Br\u00fccke bilden zwischen Herstellern und K\u00e4ufern.<\/p>\n\n\n\n<p>\u00b7&nbsp;&nbsp;&nbsp;&nbsp;&nbsp;&nbsp;&nbsp;&nbsp;&nbsp;Wir m\u00f6chten zum Nachdenken auch \u00fcber unseren eigenen Lebensstil anregen.<\/p>\n\n\n\n<p>Auf diese Aspekte wird auch heute noch gro\u00dfen Wert gelegt.<\/p>\n\n\n\n<p>Als dann in den 90er Jahren die Nachfrage nach biologischen Erzeugnissen und Frischprodukten anstieg, war rasch klar, dass diese aus m\u00f6glichst \u00f6kologischer Erzeugung und ohne lange Transportwege in den Verkauf kommen sollen.<\/p>\n\n\n\n<p>Deshalb besteht das Angebot aus langlebigen Erzeugnissen aus den fairen Handel weltweit und aus \u00f6kologisch erzeugte Bioprodukte aus der Region \u2013 eben bio+fair !<\/p>\n\n\n\n<p>Zudem wird nach wie vor nachdr\u00fccklich Wert darauf gelegt, dass die Verk\u00e4uferInnen die besonderen Qualit\u00e4ten der Produkte kennen und \u00fcber die Anspr\u00fcche an deren Herstellung informiert sind. So k\u00f6nnen sie dieses Wissen bei Bedarf an die Kundschaft weitergeben.<\/p>\n\n\n\n<div class=\"wp-block-image\"><figure class=\"alignright\"><img decoding=\"async\" src=\"http:\/\/claro-wattwil.ch\/typo3temp\/pics\/c3137db4e0.jpg\" alt=\"\"\/><\/figure><\/div>\n\n\n\n<div class=\"wp-block-image\"><figure class=\"alignright\"><img decoding=\"async\" src=\"http:\/\/claro-wattwil.ch\/typo3temp\/pics\/9d118baeab.jpg\" alt=\"\"\/><\/figure><\/div>\n\n\n\n<p><strong>2. Werdegang des Vereins<\/strong><\/p>\n\n\n\n<p>Der Wunsch zur Einrichtung eines 3.Welt-Ladens entstand aus pers\u00f6nlicher Betroffenheit von Yvonne Wick und Veronika Zemp w\u00e4hrend ihrer Aufenthalte in S\u00fcdamerika. Sie wollten etwas zugunsten der \u00c4rmsten in jenen L\u00e4ndern unternehmen. Deshalb verbreiteten sie die Idee zur Einrichtung einer Verkaufstelle von Produkten aus jenen Gegenden. Dem Aufruf folgten rasch weitere Interessierte und so konnten in wenigen Monaten gegen hundert Mitglieder angeworben werden.<\/p>\n\n\n\n<p>Am 23. September 1980 fand die Gr\u00fcndungsversammlung des Vereins \u201e3-Welt-Laden\u201c mit 58 TeilnehmerInnen in Wattwil statt. Dann begann die Suche nach dem Startkapital. Ein halbes Jahr sp\u00e4ter, war es soweit, dass am 21. Februar 1981 der erste Weltladen im Haus des Restaurants Sch\u00e4fli an der Wilerstrasse er\u00f6ffnet werden konnte.<\/p>\n\n\n\n<p>Die \u00d6ffnungszeiten waren noch auf zwei Nachmittage pro Woche und den ganzen Samstag beschr\u00e4nkt. Das Verkaufspersonal arbeitete gratis, so wie das noch heute in vielen Claro-L\u00e4den der Fall ist. Es stellten sich auch weitere Helferinnen und Helfer zur Verf\u00fcgung, sodass neben der Verkaufsgruppe auch eine Infogruppe und eine Literaturgruppe gebildet werden konnten. Besonders erw\u00e4hnenswert ist die Vorf\u00fchrung mehrere Dritt-Welt-Filme im Kino Speer bei Gratiseintritt. Weiter Aktionen folgten, wie beispielsweise die erste Alu-Sammelstelle im Toggenburg.<\/p>\n\n\n\n<p>\u00dcber all die Jahre arbeiteten sehr viele Personen im Vorstand, bei den Aktionen und als Ladenpersonal mit. Nicht wenige engagierten sich \u00fcber Jahrzehnte f\u00fcr den Verein. Ihnen allen ist zu verdanken, dass wir einen gro\u00dfen Teil der t\u00e4glichen Nahrung aus dem Bioladen, regional und fair erzeugt, beziehen k\u00f6nnen.<\/p>\n\n\n\n<div class=\"wp-block-image\"><figure class=\"alignleft\"><img decoding=\"async\" src=\"http:\/\/claro-wattwil.ch\/typo3temp\/pics\/a90f030270.jpg\" alt=\"\"\/><\/figure><\/div>\n\n\n\n<div class=\"wp-block-image\"><figure class=\"alignright\"><img decoding=\"async\" src=\"http:\/\/claro-wattwil.ch\/typo3temp\/pics\/3637ccc771.jpg\" alt=\"\"\/><\/figure><\/div>\n\n\n\n<div class=\"wp-block-image\"><figure class=\"aligncenter\"><img decoding=\"async\" src=\"http:\/\/claro-wattwil.ch\/typo3temp\/pics\/7e4557e714.jpg\" alt=\"\"\/><\/figure><\/div>\n\n\n\n<div class=\"wp-block-image\"><figure class=\"aligncenter\"><img decoding=\"async\" src=\"http:\/\/claro-wattwil.ch\/typo3temp\/pics\/33b99dbc00.jpg\" alt=\"\"\/><\/figure><\/div>\n\n\n\n<p><strong>3. Standortsver\u00e4nderung des Weltladens<\/strong><\/p>\n\n\n\n<p>Von 1981 bis 1984 befand sich die Verkaufsstelle im Parterre des Hotels Sch\u00e4fli an der Wilerstrasse. Doch allm\u00e4hlich stie\u00df dieses Lokal an seine Kapazit\u00e4tsgrenzen. Zudem wollte es der Besitzer selber nutzen. Deshalb begann die Suche nach einem gr\u00f6\u00dferen Raum. An der Rickenstrasse 31\/33 wurde man f\u00fcndig und so konnte dort der neue Laden eingerichtet und am 5. Mai 1984 er\u00f6ffnet werden. Das Gesch\u00e4ft war im hinteren Bereich des Hauses untergebracht, dort wo sich heute die Fahrschule befindet.<\/p>\n\n\n\n<p>Doch auch hier reichte der Raum nach wenigen Jahren nicht mehr aus, sodass zwei R\u00e4ume im vorderen Teil des gleichen Hauses angemietet wurden. Ab dem 14. Januar 1989 konnte diese Erweiterung mit Pr\u00e4sentation in zwei Schaufenstern zur Rickenstrasse einer breiteren \u00d6ffentlichkeit vorgezeigt werden.<\/p>\n\n\n\n<p>Sechs Jahre sp\u00e4ter \u00fcbersiedelte der Weltlanden an die Volkshausstra\u00dfe 21 in das ehemalige Gesch\u00e4ft von Foto-Abderhalden. Der gro\u00dfe und helle Raum erm\u00f6glichte die Ausweitung des Angebots auf regionale, biologische Frischprodukte zus\u00e4tzlich zu den bereits bew\u00e4hrten Erzeugnissen aus dem fairen Handel. Seit der Er\u00f6ffnung am 28.Oktober 1995 wird dort unsere Kundschaft von geschultem und Personal bei bescheidenem Lohn bedient.<\/p>\n\n\n\n<p>Vom Januar bis Februar 2003 erfolgte ein umfangreicher Umbau. Obwohl der Standort seither nicht mehr wechselte, wurde und wird der Laden im Rahmen der M\u00f6glichkeiten verschiedentlich den neuen Bed\u00fcrfnissen angepasst.<\/p>\n\n\n\n<div class=\"wp-block-image\"><figure class=\"alignright\"><img decoding=\"async\" src=\"http:\/\/claro-wattwil.ch\/typo3temp\/pics\/e54ac78f4b.jpg\" alt=\"\"\/><\/figure><\/div>\n\n\n\n<div class=\"wp-block-image\"><figure class=\"alignright\"><img decoding=\"async\" src=\"http:\/\/claro-wattwil.ch\/typo3temp\/pics\/ed575092c2.jpg\" alt=\"\"\/><\/figure><\/div>\n\n\n\n<div class=\"wp-block-image\"><figure class=\"alignright\"><img decoding=\"async\" src=\"http:\/\/claro-wattwil.ch\/typo3temp\/pics\/1718eeda44.jpg\" alt=\"\"\/><\/figure><\/div>\n\n\n\n<p><strong>4. Namensanpassungen<\/strong><\/p>\n\n\n\n<p>Der Verein startete 1981 mit dem Verkauf unter der Bezeichnung \u201e3.Welt Laden\u201c.<\/p>\n\n\n\n<p>Als Lieferant bot sich die \u201eOrganisation Schweiz 3. Welt\u201c (OS3) an, welche vorwiegend Erzeugnisse aus den \u00e4rmeren L\u00e4ndern bezog. Indem OS3 in jenen Gebieten Kooperativen unterst\u00fctzten, welche den Bauern bessere L\u00f6hne bezahlten als die Gro\u00dfkonzerne, sorgten sie nicht nur f\u00fcr gerechtere Verh\u00e4ltnisse, sondern versetzten diese Bauern zudem in die Lage, vermehrt biologischere Produkte zu erzeugen.<\/p>\n\n\n\n<p>In den folgenden Jahren wurde der Begriff \u201e3.Welt\u201c zunehmend als diskriminierend f\u00fcr die L\u00e4nder des S\u00fcdens empfunden. Deshalb fand ich im Archiv bis 1997 sowohl die Bezeichnungen \u201eWelt- und Bioladen\u201c wie auch \u201eWeltladen Wattwil\u201c.<\/p>\n\n\n\n<p>Am 28. August 1997 gab es erhebliche Ver\u00e4nderungen bei der \u201eOS3\u201c. Seitdem nennt sie sich \u201eClaro AG\u201c. Das veranlasste den Vorstand vom \u201eWeltladen Wattwil\u201c dazu, an der folgenden Jahresversammlung eine Namens\u00e4nderung in \u201eClaro-Welt- und Bioladen\u201c zu beantragen. Dieser Name blieb bis 2006. Ab dann hie\u00df unser Gesch\u00e4ft nur noch \u201eClaro-Bioladen\u201c. Und seit dem M\u00e4rz 2012 freuen wir uns \u00fcber die Bezeichnung \u201ebio+fair\u201c.<\/p>\n\n\n\n<p>Die letzte Namens\u00e4nderung dr\u00e4ngte sich auf, weil die Claro AG im Jahr 2010 mitteilte, dass nur noch jene Biol\u00e4den, welche mindestens 50 Prozent Claro-Produkte verkaufen, weiterhin als Claro-Laden bezeichnet werden d\u00fcrfen. Da der Bioladen Wattwil seine Eink\u00fcnfte zu gr\u00f6\u00dferen Teil durch regionale Bioprodukte erzielt, war diese Bedingung nicht erf\u00fcllbar. Nachdem unser Vorstand in den Verhandlungen mit der Claro AG kein Nachgeben erreichen konnte, begann die Suche nach einer neuen Bezeichnung f\u00fcr den Laden. Rasch war klar, dass der Namen sowohl f\u00fcr biologische Produkte wie auch solche aus dem fairen Handel werben soll. An der Jahresversammlung vom 22. M\u00e4rz 2012 einigten sich die TeilnehmerInnen auf den Namen \u201ebio+fair\u201c mit dem Zusatz \u201eClaro-Partnerladen\u201c.<\/p>\n\n\n\n<div class=\"wp-block-image\"><figure class=\"alignright\"><img decoding=\"async\" src=\"http:\/\/claro-wattwil.ch\/typo3temp\/pics\/caced24586.jpg\" alt=\"\"\/><\/figure><\/div>\n\n\n\n<div class=\"wp-block-image\"><figure class=\"alignright\"><img decoding=\"async\" src=\"http:\/\/claro-wattwil.ch\/typo3temp\/pics\/879eeebe5c.jpg\" alt=\"\"\/><\/figure><\/div>\n\n\n\n<div class=\"wp-block-image\"><figure class=\"alignright\"><img decoding=\"async\" src=\"http:\/\/claro-wattwil.ch\/typo3temp\/pics\/14cb30cb91.jpg\" alt=\"\"\/><\/figure><\/div>\n\n\n\n<p><strong>5. Ausweitung des Angebots<\/strong><\/p>\n\n\n\n<p>In der Anfangszeit wurden Kaffee, Tee, Reis, N\u00fcsse, Trockenfr\u00fcchte, Gew\u00fcrze, Wollartikeln, Keramik, K\u00f6rbe, Musikinstrumente aus Afrika und Jutetaschen angeboten. Jutetaschen waren w\u00e4hrend Jahren fast so etwas wie ein Markenzeichen f\u00fcr die Weltl\u00e4den. Guten Absatz brachte der Honig aus Guatemala und Mexiko. Vorreiter war der Weltladen auch im Verkauf von Erzeugnissen aus echtem Umweltschutz-Papier. Es gab zwei Qualit\u00e4ten von Recycling-Papier das billigere dunkle und das hellere. Beiden wurden ohne das belastende Deinking-Verfahren hergestellt. Das heller gewann man aus handverlesenem Altpapier.<\/p>\n\n\n\n<p>Zur Verbesserung der Information \u00fcber die Lebensbedingungen in den s\u00fcdlichen L\u00e4ndern wurden B\u00fcchern, Tontr\u00e4ger, Plakate und Unterrichtsmaterialien zur 3.Welt-Problematik angeboten.<\/p>\n\n\n\n<p>Im Laufe der Zeit kamen weitere haltbare Nahrungsmittel wie nicht raffinierte Zuckersorten dazu und als erstes Frischprodukt die \u201efairen\u201c Bananen.<\/p>\n\n\n\n<p>Naturkosmetik, \u00f6kologisch Reinigungs- und Waschmittel, Schmuck, Spielsachen, Kleider und Kunsthandwerk aus der ganzen Welt erweiterten nach und nach das Angebot.<\/p>\n\n\n\n<p>Mit dem Umzug an die Volkshausstrasse ab dem Jahr 1995 setzte der Verkauf von biologischen Frischprodukten aus der Region ein. Um diese Neuerungen der Kundschaft bekannt zu machen, wurden Hofbesichtigungen bei verschiedenen Zulieferern organisiert. Damit konnte das Angebot mit biologischen Frischprodukten aus regionaler Erzeugung erheblich erweitert werden. Inzwischen bilden sie die ergiebigere Einkommensquelle als das Claro-Angebot.<\/p>\n\n\n\n<p>In diesen Jahren wurde auch der Wunsch nach gentech-freier Nahrung lauter. Der Weltlanden legt seitdem gro\u00dfen Wert auf ein unbelastetes Angebot.<\/p>\n\n\n\n<p>Zu den derzeitigen Angebots-Rennern z\u00e4hlen die bew\u00e4hrten Produkte von Biofarm (zahlreiche Varianten von Getreide und M\u00fcesli) und auch von Terra Verde (Essig, Saucen, Sugo). Bei den \u00d6len werden am h\u00e4ufigsten Raps- und Lein\u00f6l verlangt.<\/p>\n\n\n\n<p>Die wachsende Zahl an Veganern im Toggenburg freut sich \u00fcber das steigende Angebot von Sojade-Joghurt und Tofu in mehreren Variationen. Auch Bio-Rahm aus Soja und Milchersatz-Getr\u00e4nke finden wachsenden Absatz.<\/p>\n\n\n\n<p>Demgegen\u00fcber blieb der Verkauf von Fleisch aus der Region ziemlich stabil. Bez\u00fcglich Fleisch und Milchprodukte bleibt ganz wichtig, dass diese Erzeugnisse aus artgerechter Tierhaltung stammen.<\/p>\n\n\n\n<p>Erw\u00e4hnenswert sich auch Schweizer Fr\u00fcchte. Sie lassen sich sehr gut verkaufen. Doch leider ist das regionale Angebot oft deutlich kleiner als die Nachfrage. Also &#8211; regionale Bio-Erzeuger &#8211; meldet euch beim Bioladen !<\/p>\n\n\n\n<p>Remy Holenstein \u2013 25. August 2012<\/p>\n","protected":false},"excerpt":{"rendered":"<p>1. Absicht und Ziele Ansto\u00df zur Er\u00f6ffnung eines Weltladens in Wattwil war vor allem der Wunsch Erzeugnisse kaufen zu k\u00f6nnen, die in L\u00e4ndern des S\u00fcdens fair erzeugt wurden. Im Aufruf zur Gr\u00fcndung des Vereins 3.Welt-Laden in Wattwil im Jahr 1980 finden sich folgende Absichten: \u00b7&nbsp;&nbsp;&nbsp;&nbsp;&nbsp;&nbsp;&nbsp;&nbsp;&nbsp;Wir m\u00f6chten Produkte aus der 3.Welt sowie von wirtschaftlich uns sozial&hellip; <a class=\"more-link\" href=\"https:\/\/bioplusfair.ch\/?page_id=93\"><span class=\"screen-reader-text\">History<\/span> weiterlesen <span class=\"meta-nav\" aria-hidden=\"true\">&rarr;<\/span><\/a><\/p>\n","protected":false},"author":1,"featured_media":0,"parent":0,"menu_order":0,"comment_status":"closed","ping_status":"closed","template":"","meta":{"footnotes":""},"_links":{"self":[{"href":"https:\/\/bioplusfair.ch\/index.php?rest_route=\/wp\/v2\/pages\/93"}],"collection":[{"href":"https:\/\/bioplusfair.ch\/index.php?rest_route=\/wp\/v2\/pages"}],"about":[{"href":"https:\/\/bioplusfair.ch\/index.php?rest_route=\/wp\/v2\/types\/page"}],"author":[{"embeddable":true,"href":"https:\/\/bioplusfair.ch\/index.php?rest_route=\/wp\/v2\/users\/1"}],"replies":[{"embeddable":true,"href":"https:\/\/bioplusfair.ch\/index.php?rest_route=%2Fwp%2Fv2%2Fcomments&post=93"}],"version-history":[{"count":8,"href":"https:\/\/bioplusfair.ch\/index.php?rest_route=\/wp\/v2\/pages\/93\/revisions"}],"predecessor-version":[{"id":108,"href":"https:\/\/bioplusfair.ch\/index.php?rest_route=\/wp\/v2\/pages\/93\/revisions\/108"}],"wp:attachment":[{"href":"https:\/\/bioplusfair.ch\/index.php?rest_route=%2Fwp%2Fv2%2Fmedia&parent=93"}],"curies":[{"name":"wp","href":"https:\/\/api.w.org\/{rel}","templated":true}]}}